{"id":23,"date":"2021-05-25T15:08:06","date_gmt":"2021-05-25T15:08:06","guid":{"rendered":"https:\/\/goed-band.at\/?page_id=23"},"modified":"2021-11-01T00:09:06","modified_gmt":"2021-10-31T22:09:06","slug":"termine","status":"publish","type":"page","link":"https:\/\/goed-band.at\/?page_id=23","title":{"rendered":"Terminkalender \/ Veranstaltungen"},"content":{"rendered":"\n<h2 class=\"wp-block-heading\">Bevorstehende Veranstaltungen<\/h2>\n\n\n\n<p><\/p>\n\n\n\n<figure class=\"wp-block-table\"><table><tbody><tr><td><strong>WANN?<\/strong><\/td><td><strong>WO??????????<\/strong><\/td><td><strong>WER??????????<\/strong><\/td><td><strong>WAS?<\/strong><\/td><td><strong>WIE?<\/strong><\/td><\/tr><tr><td><strong>26.11.<\/strong><\/td><td><a href=\"http:\/\/www.stags-head.at\/\"><strong>Stag&#8217;s Head<\/strong><\/a><\/td><td><strong>GOED<\/strong> <br>(alle vier)<\/td><td><\/td><td><\/td><\/tr><\/tbody><\/table><\/figure>\n\n\n\n<h2 class=\"wp-block-heading\">Vergangene Veranstaltungen<\/h2>\n\n\n\n<figure class=\"wp-block-table\"><table><tbody><tr><td><strong>WANN?<\/strong><\/td><td><strong>WO??????????<\/strong><\/td><td><strong>WER??????????<\/strong><\/td><td><strong>WAS?<\/strong><\/td><td><strong>WIE?<\/strong><\/td><\/tr><tr><td><strong>23.10.<\/strong><\/td><td>&#8211;private&#8211;<\/td><td><strong>GOED<\/strong> <\/td><td>Geburtstagsparty<\/td><td><\/td><\/tr><tr><td><strong>2.10.<\/strong><\/td><td>&#8211;private&#8211;<\/td><td><strong>GOED<\/strong><\/td><td>Golfclub<\/td><td><\/td><\/tr><tr><td><strong>17.9.<\/strong><\/td><td><a href=\"http:\/\/www.stags-head.at\/\"><strong>Stag&#8217;s Head<\/strong><\/a><\/td><td><strong>GOED <\/strong><\/td><td>Gro\u00dfes <strong>GOED <\/strong>im Stagshead<\/td><td><\/td><\/tr><tr><td><strong>21.8.<\/strong><\/td><td><a href=\"https:\/\/cafe-prinz.eatbu.com\/\"><strong>Cafe Prinz<\/strong><\/a><\/td><td>Klaa<strong>GOED<\/strong> <\/td><td>Austropop: Goofy + Ed<\/td><td><\/td><\/tr><tr><td><strong>16.7.<\/strong><\/td><td><a href=\"https:\/\/www.escape-metalcorner.at\/\"><strong>Escape<\/strong><\/a><\/td><td><strong>GOED <\/strong><br>(alle vier)<\/td><td>Gemeinsam mit <a href=\"https:\/\/viennasunrise.at\/\"><strong>Vienna Sunrise<\/strong><\/a> kommt hier der Post-Corona-Start f\u00fcr die gro\u00dfe Band. <\/td><td><\/td><\/tr><tr><td><strong>3.7.<\/strong><\/td><td><a href=\"https:\/\/stubenhocker.at\/\"><strong>Stubenhocker<\/strong><\/a><\/td><td>Klaa<strong>GOED <\/strong><\/td><td>Austropop: Goofy + Ed<\/td><td><a href=\"https:\/\/www.facebook.com\/michael.sindelar.376\/posts\/1034670663976899\" target=\"_blank\" rel=\"noopener\"><img decoding=\"async\" src=\"https:\/\/goed-band.at\/wp-content\/uploads\/2021\/07\/Facebook.png\"><\/a><\/td><\/tr><tr><td><strong>26.6.<\/strong><\/td><td><a href=\"https:\/\/cafe-prinz.eatbu.com\/\"><strong>Cafe Prinz<\/strong><\/a><\/td><td>Klaa<strong>GOED<\/strong> <\/td><td>Austropop: Goofy + Ed<\/td><td><\/td><\/tr><tr><td><strong>18.6.<\/strong><\/td><td><a href=\"https:\/\/www.facebook.com\/lapazvienna\/\"><strong>La Paz<\/strong><\/a><\/td><td>Klaa<strong>GOED<\/strong> <br>(nur Goofy + Ed)<\/td><td>Mit 2 akustischen Gitarren wollen wir feiern, dass es hier seit genau 11 Jahren nicht nur das beste bolivianischen Essen der Stadt gibt, sondern auch die besten und frischesten Cocktails. <\/td><td><a href=\"https:\/\/goed-band.at\/wp-content\/uploads\/2021\/06\/IMG_20181013_213555-1536x1152.jpg\"><img fetchpriority=\"high\" decoding=\"async\" width=\"300\" height=\"225\" class=\"wp-image-127\" style=\"width: 300px;\" src=\"https:\/\/goed-band.at\/wp-content\/uploads\/2021\/06\/IMG_20181013_213555-scaled.jpg\" alt=\"\" srcset=\"https:\/\/goed-band.at\/wp-content\/uploads\/2021\/06\/IMG_20181013_213555-scaled.jpg 2560w, https:\/\/goed-band.at\/wp-content\/uploads\/2021\/06\/IMG_20181013_213555-300x225.jpg 300w, https:\/\/goed-band.at\/wp-content\/uploads\/2021\/06\/IMG_20181013_213555-1024x768.jpg 1024w, https:\/\/goed-band.at\/wp-content\/uploads\/2021\/06\/IMG_20181013_213555-768x576.jpg 768w, https:\/\/goed-band.at\/wp-content\/uploads\/2021\/06\/IMG_20181013_213555-1536x1152.jpg 1536w, https:\/\/goed-band.at\/wp-content\/uploads\/2021\/06\/IMG_20181013_213555-2048x1536.jpg 2048w\" sizes=\"(max-width: 300px) 100vw, 300px\" \/><\/a><\/td><\/tr><tr><td><strong>11.6.<\/strong><\/td><td><a href=\"https:\/\/www.cafeamadeus.at\/\"><strong>Cafe Amadeus<\/strong><\/a><\/td><td>Klaa<strong>GOED<\/strong> <br>(nur Goofy + Ed)<\/td><td>In kleiner Formation wird die Saison in gem\u00fctlicher Atmosph\u00e4re er\u00f6ffnet. Wahrscheinlich wird uns der Harald ein paar Gschichtln vorlesen.<\/td><td><\/td><\/tr><\/tbody><\/table><\/figure>\n\n\n\n<p>An die Zeit vor dem Lockdown k\u00f6nnen wir uns nicht erinnern \ud83d\ude42<a href=\"https:\/\/goed-band.at\/wp-content\/uploads\/2021\/06\/IMG_20181013_213555-1536x1152.jpg\"><\/a><\/p>\n","protected":false},"excerpt":{"rendered":"<p>Bevorstehende Veranstaltungen WANN? WO?????????? WER?????????? WAS? WIE? 26.11. Stag&#8217;s Head GOED (alle vier) Vergangene Veranstaltungen WANN? WO?????????? WER?????????? WAS? WIE? 23.10. &#8211;private&#8211; GOED Geburtstagsparty 2.10. &#8211;private&#8211; GOED Golfclub 17.9. Stag&#8217;s Head GOED Gro\u00dfes GOED im Stagshead 21.8. Cafe Prinz KlaaGOED Austropop: Goofy + Ed 16.7. Escape GOED (alle vier) Gemeinsam mit Vienna Sunrise kommt hier der Post-Corona-Start f\u00fcr die gro\u00dfe Band. 3.7. Stubenhocker KlaaGOED Austropop: Goofy + Ed 26.6. Cafe [&hellip;]<\/p>\n","protected":false},"author":1,"featured_media":0,"parent":0,"menu_order":0,"comment_status":"closed","ping_status":"closed","template":"","meta":{"footnotes":""},"yoast_head":"<!-- This site is optimized with the Yoast SEO plugin v24.5 - https:\/\/yoast.com\/wordpress\/plugins\/seo\/ -->\n<title>Terminkalender \/ Veranstaltungen - GOED Band<\/title>\n<meta name=\"robots\" content=\"index, follow, max-snippet:-1, max-image-preview:large, max-video-preview:-1\" \/>\n<link rel=\"canonical\" href=\"https:\/\/goed-band.at\/?page_id=23\" \/>\n<meta property=\"og:locale\" content=\"en_US\" \/>\n<meta property=\"og:type\" content=\"article\" \/>\n<meta property=\"og:title\" content=\"Terminkalender \/ Veranstaltungen - GOED Band\" \/>\n<meta property=\"og:description\" content=\"Bevorstehende Veranstaltungen WANN? WO?????????? WER?????????? WAS? WIE? 26.11. Stag&#8217;s Head GOED (alle vier) Vergangene Veranstaltungen WANN? WO?????????? WER?????????? WAS? WIE? 23.10. &#8211;private&#8211; GOED Geburtstagsparty 2.10. &#8211;private&#8211; GOED Golfclub 17.9. Stag&#8217;s Head GOED Gro\u00dfes GOED im Stagshead 21.8. Cafe Prinz KlaaGOED Austropop: Goofy + Ed 16.7. Escape GOED (alle vier) Gemeinsam mit Vienna Sunrise kommt hier der Post-Corona-Start f\u00fcr die gro\u00dfe Band. 3.7. Stubenhocker KlaaGOED Austropop: Goofy + Ed 26.6. Cafe [&hellip;]\" \/>\n<meta property=\"og:url\" content=\"https:\/\/goed-band.at\/?page_id=23\" \/>\n<meta property=\"og:site_name\" content=\"GOED Band\" \/>\n<meta property=\"article:modified_time\" content=\"2021-10-31T22:09:06+00:00\" \/>\n<meta property=\"og:image\" content=\"https:\/\/goed-band.at\/wp-content\/uploads\/2021\/07\/Facebook.png\" \/>\n<meta name=\"twitter:card\" content=\"summary_large_image\" \/>\n<meta name=\"twitter:label1\" content=\"Est. reading time\" \/>\n\t<meta name=\"twitter:data1\" content=\"2 minutes\" \/>\n<script type=\"application\/ld+json\" class=\"yoast-schema-graph\">{\"@context\":\"https:\/\/schema.org\",\"@graph\":[{\"@type\":\"WebPage\",\"@id\":\"https:\/\/goed-band.at\/?page_id=23\",\"url\":\"https:\/\/goed-band.at\/?page_id=23\",\"name\":\"Terminkalender \/ Veranstaltungen - GOED Band\",\"isPartOf\":{\"@id\":\"https:\/\/goed-band.at\/#website\"},\"primaryImageOfPage\":{\"@id\":\"https:\/\/goed-band.at\/?page_id=23#primaryimage\"},\"image\":{\"@id\":\"https:\/\/goed-band.at\/?page_id=23#primaryimage\"},\"thumbnailUrl\":\"https:\/\/goed-band.at\/wp-content\/uploads\/2021\/07\/Facebook.png\",\"datePublished\":\"2021-05-25T15:08:06+00:00\",\"dateModified\":\"2021-10-31T22:09:06+00:00\",\"breadcrumb\":{\"@id\":\"https:\/\/goed-band.at\/?page_id=23#breadcrumb\"},\"inLanguage\":\"en-US\",\"potentialAction\":[{\"@type\":\"ReadAction\",\"target\":[\"https:\/\/goed-band.at\/?page_id=23\"]}]},{\"@type\":\"ImageObject\",\"inLanguage\":\"en-US\",\"@id\":\"https:\/\/goed-band.at\/?page_id=23#primaryimage\",\"url\":\"https:\/\/goed-band.at\/wp-content\/uploads\/2021\/07\/Facebook.png\",\"contentUrl\":\"https:\/\/goed-band.at\/wp-content\/uploads\/2021\/07\/Facebook.png\"},{\"@type\":\"BreadcrumbList\",\"@id\":\"https:\/\/goed-band.at\/?page_id=23#breadcrumb\",\"itemListElement\":[{\"@type\":\"ListItem\",\"position\":1,\"name\":\"Home\",\"item\":\"https:\/\/goed-band.at\/\"},{\"@type\":\"ListItem\",\"position\":2,\"name\":\"Terminkalender \/ Veranstaltungen\"}]},{\"@type\":\"WebSite\",\"@id\":\"https:\/\/goed-band.at\/#website\",\"url\":\"https:\/\/goed-band.at\/\",\"name\":\"GOED Band\",\"description\":\"Live-Musik von Austropop bis Rock\",\"potentialAction\":[{\"@type\":\"SearchAction\",\"target\":{\"@type\":\"EntryPoint\",\"urlTemplate\":\"https:\/\/goed-band.at\/?s={search_term_string}\"},\"query-input\":{\"@type\":\"PropertyValueSpecification\",\"valueRequired\":true,\"valueName\":\"search_term_string\"}}],\"inLanguage\":\"en-US\"}]}<\/script>\n<!-- \/ Yoast SEO plugin. -->","yoast_head_json":{"title":"Terminkalender \/ Veranstaltungen - GOED Band","robots":{"index":"index","follow":"follow","max-snippet":"max-snippet:-1","max-image-preview":"max-image-preview:large","max-video-preview":"max-video-preview:-1"},"canonical":"https:\/\/goed-band.at\/?page_id=23","og_locale":"en_US","og_type":"article","og_title":"Terminkalender \/ Veranstaltungen - GOED Band","og_description":"Bevorstehende Veranstaltungen WANN? WO?????????? WER?????????? WAS? WIE? 26.11. Stag&#8217;s Head GOED (alle vier) Vergangene Veranstaltungen WANN? WO?????????? WER?????????? WAS? WIE? 23.10. &#8211;private&#8211; GOED Geburtstagsparty 2.10. &#8211;private&#8211; GOED Golfclub 17.9. Stag&#8217;s Head GOED Gro\u00dfes GOED im Stagshead 21.8. Cafe Prinz KlaaGOED Austropop: Goofy + Ed 16.7. Escape GOED (alle vier) Gemeinsam mit Vienna Sunrise kommt hier der Post-Corona-Start f\u00fcr die gro\u00dfe Band. 3.7. Stubenhocker KlaaGOED Austropop: Goofy + Ed 26.6. Cafe [&hellip;]","og_url":"https:\/\/goed-band.at\/?page_id=23","og_site_name":"GOED Band","article_modified_time":"2021-10-31T22:09:06+00:00","og_image":[{"url":"https:\/\/goed-band.at\/wp-content\/uploads\/2021\/07\/Facebook.png","type":"","width":"","height":""}],"twitter_card":"summary_large_image","twitter_misc":{"Est. reading time":"2 minutes"},"schema":{"@context":"https:\/\/schema.org","@graph":[{"@type":"WebPage","@id":"https:\/\/goed-band.at\/?page_id=23","url":"https:\/\/goed-band.at\/?page_id=23","name":"Terminkalender \/ Veranstaltungen - GOED Band","isPartOf":{"@id":"https:\/\/goed-band.at\/#website"},"primaryImageOfPage":{"@id":"https:\/\/goed-band.at\/?page_id=23#primaryimage"},"image":{"@id":"https:\/\/goed-band.at\/?page_id=23#primaryimage"},"thumbnailUrl":"https:\/\/goed-band.at\/wp-content\/uploads\/2021\/07\/Facebook.png","datePublished":"2021-05-25T15:08:06+00:00","dateModified":"2021-10-31T22:09:06+00:00","breadcrumb":{"@id":"https:\/\/goed-band.at\/?page_id=23#breadcrumb"},"inLanguage":"en-US","potentialAction":[{"@type":"ReadAction","target":["https:\/\/goed-band.at\/?page_id=23"]}]},{"@type":"ImageObject","inLanguage":"en-US","@id":"https:\/\/goed-band.at\/?page_id=23#primaryimage","url":"https:\/\/goed-band.at\/wp-content\/uploads\/2021\/07\/Facebook.png","contentUrl":"https:\/\/goed-band.at\/wp-content\/uploads\/2021\/07\/Facebook.png"},{"@type":"BreadcrumbList","@id":"https:\/\/goed-band.at\/?page_id=23#breadcrumb","itemListElement":[{"@type":"ListItem","position":1,"name":"Home","item":"https:\/\/goed-band.at\/"},{"@type":"ListItem","position":2,"name":"Terminkalender \/ Veranstaltungen"}]},{"@type":"WebSite","@id":"https:\/\/goed-band.at\/#website","url":"https:\/\/goed-band.at\/","name":"GOED Band","description":"Live-Musik von Austropop bis Rock","potentialAction":[{"@type":"SearchAction","target":{"@type":"EntryPoint","urlTemplate":"https:\/\/goed-band.at\/?s={search_term_string}"},"query-input":{"@type":"PropertyValueSpecification","valueRequired":true,"valueName":"search_term_string"}}],"inLanguage":"en-US"}]}},"_links":{"self":[{"href":"https:\/\/goed-band.at\/index.php?rest_route=\/wp\/v2\/pages\/23"}],"collection":[{"href":"https:\/\/goed-band.at\/index.php?rest_route=\/wp\/v2\/pages"}],"about":[{"href":"https:\/\/goed-band.at\/index.php?rest_route=\/wp\/v2\/types\/page"}],"author":[{"embeddable":true,"href":"https:\/\/goed-band.at\/index.php?rest_route=\/wp\/v2\/users\/1"}],"replies":[{"embeddable":true,"href":"https:\/\/goed-band.at\/index.php?rest_route=%2Fwp%2Fv2%2Fcomments&post=23"}],"version-history":[{"count":26,"href":"https:\/\/goed-band.at\/index.php?rest_route=\/wp\/v2\/pages\/23\/revisions"}],"predecessor-version":[{"id":168,"href":"https:\/\/goed-band.at\/index.php?rest_route=\/wp\/v2\/pages\/23\/revisions\/168"}],"wp:attachment":[{"href":"https:\/\/goed-band.at\/index.php?rest_route=%2Fwp%2Fv2%2Fmedia&parent=23"}],"curies":[{"name":"wp","href":"https:\/\/api.w.org\/{rel}","templated":true}]}}